{"id":414,"date":"2015-06-29T17:31:09","date_gmt":"2015-06-29T17:31:09","guid":{"rendered":"http:\/\/santiagocatalan.com\/?page_id=414"},"modified":"2015-06-29T17:31:09","modified_gmt":"2015-06-29T17:31:09","slug":"rehabilitacion-y-ampliacion-del-museo-quinones-de-leon-vigo-2000","status":"publish","type":"page","link":"https:\/\/santiagocatalan.com\/index.php\/rehabilitacion-y-ampliacion-del-museo-quinones-de-leon-vigo-2000\/","title":{"rendered":"Rehabilitaci\u00f3n y Ampliaci\u00f3n del Museo Qui\u00f1ones de Le\u00f3n.  Vigo 2000"},"content":{"rendered":"<p style=\"text-align: center;\">Obra en colaboraci\u00f3n con Jos\u00e9 L. Arias Jord\u00e1n, Arquitecto<\/p>\n<div class=\"et_pb_slider et_pb_slider_fullwidth_off et_pb_gallery_post_type\">\n\t\t\t\t<div class=\"et_pb_slides\">\n\t\t\t\t\t<div class=\"et_pb_slide\" style=\"background: url(https:\/\/santiagocatalan.com\/wp-content\/uploads\/2015\/06\/Castrelos-01.jpg);\"><\/div><div class=\"et_pb_slide\" style=\"background: url(https:\/\/santiagocatalan.com\/wp-content\/uploads\/2015\/06\/Castrelos-02.jpg);\"><\/div><div class=\"et_pb_slide\" style=\"background: url(https:\/\/santiagocatalan.com\/wp-content\/uploads\/2015\/06\/Castrelos-03.jpg);\"><\/div><div class=\"et_pb_slide\" style=\"background: url(https:\/\/santiagocatalan.com\/wp-content\/uploads\/2015\/06\/Castrelos-04.jpg);\"><\/div><div class=\"et_pb_slide\" style=\"background: url(https:\/\/santiagocatalan.com\/wp-content\/uploads\/2015\/06\/Castrelos-05.jpg);\"><\/div><div class=\"et_pb_slide\" style=\"background: url(https:\/\/santiagocatalan.com\/wp-content\/uploads\/2015\/06\/Castrelos-06.jpg);\"><\/div><div class=\"et_pb_slide\" style=\"background: url(https:\/\/santiagocatalan.com\/wp-content\/uploads\/2015\/06\/Castrelos-07.jpg);\"><\/div><div class=\"et_pb_slide\" style=\"background: url(https:\/\/santiagocatalan.com\/wp-content\/uploads\/2015\/06\/Castrelos-08.jpg);\"><\/div><div class=\"et_pb_slide\" style=\"background: url(https:\/\/santiagocatalan.com\/wp-content\/uploads\/2015\/06\/Castrelos-09.jpg);\"><\/div><div class=\"et_pb_slide\" style=\"background: url(https:\/\/santiagocatalan.com\/wp-content\/uploads\/2015\/06\/Castrelos-10.jpg);\"><\/div><div class=\"et_pb_slide\" style=\"background: url(https:\/\/santiagocatalan.com\/wp-content\/uploads\/2015\/06\/Castrelos-11.jpg);\"><\/div><div class=\"et_pb_slide\" style=\"background: url(https:\/\/santiagocatalan.com\/wp-content\/uploads\/2015\/06\/Castrelos-12.jpg);\"><\/div><div class=\"et_pb_slide\" style=\"background: url(https:\/\/santiagocatalan.com\/wp-content\/uploads\/2015\/06\/Castrelos-13.jpg);\"><\/div><div class=\"et_pb_slide\" style=\"background: url(https:\/\/santiagocatalan.com\/wp-content\/uploads\/2015\/06\/Castrelos-14.jpg);\"><\/div><div class=\"et_pb_slide\" style=\"background: url(https:\/\/santiagocatalan.com\/wp-content\/uploads\/2015\/06\/Castrelos-15.jpg);\"><\/div><div class=\"et_pb_slide\" style=\"background: url(https:\/\/santiagocatalan.com\/wp-content\/uploads\/2015\/06\/Castrelos-16.jpg);\"><\/div>\n\t\t\t\t<\/div>\n\t\t\t<\/div>\n","protected":false},"excerpt":{"rendered":"<p>Obra en colaboraci\u00f3n con Jos\u00e9 L. Arias Jord\u00e1n, Arquitecto<\/p>\n","protected":false},"author":1,"featured_media":0,"parent":0,"menu_order":0,"comment_status":"open","ping_status":"open","template":"","meta":{"_et_pb_use_builder":"","_et_pb_old_content":"","_et_gb_content_width":""},"_links":{"self":[{"href":"https:\/\/santiagocatalan.com\/index.php\/wp-json\/wp\/v2\/pages\/414"}],"collection":[{"href":"https:\/\/santiagocatalan.com\/index.php\/wp-json\/wp\/v2\/pages"}],"about":[{"href":"https:\/\/santiagocatalan.com\/index.php\/wp-json\/wp\/v2\/types\/page"}],"author":[{"embeddable":true,"href":"https:\/\/santiagocatalan.com\/index.php\/wp-json\/wp\/v2\/users\/1"}],"replies":[{"embeddable":true,"href":"https:\/\/santiagocatalan.com\/index.php\/wp-json\/wp\/v2\/comments?post=414"}],"version-history":[{"count":1,"href":"https:\/\/santiagocatalan.com\/index.php\/wp-json\/wp\/v2\/pages\/414\/revisions"}],"predecessor-version":[{"id":431,"href":"https:\/\/santiagocatalan.com\/index.php\/wp-json\/wp\/v2\/pages\/414\/revisions\/431"}],"wp:attachment":[{"href":"https:\/\/santiagocatalan.com\/index.php\/wp-json\/wp\/v2\/media?parent=414"}],"curies":[{"name":"wp","href":"https:\/\/api.w.org\/{rel}","templated":true}]}}